{"id":10621,"date":"2022-02-25T10:38:13","date_gmt":"2022-02-25T09:38:13","guid":{"rendered":"https:\/\/www.letregrazie.it\/dove-siamo\/"},"modified":"2022-03-21T18:57:26","modified_gmt":"2022-03-21T17:57:26","slug":"ubicacion","status":"publish","type":"page","link":"https:\/\/www.letregrazie.it\/es\/ubicacion\/","title":{"rendered":"Ubicaci\u00f3n"},"content":{"rendered":"<p>[vc_row content_placement=\u00bbmiddle\u00bb row_content_width=\u00bbgrid\u00bb css=\u00bb.vc_custom_1645782526299{padding-top: 50px !important;}\u00bb][vc_column]<div class=\"eltd-elements-holder   eltd-one-column  eltd-responsive-mode-768 \" ><div class=\"eltd-eh-item   eltd-horizontal-alignment-center \"  data-item-class=\"eltd-eh-custom-8198\">\n\t<div class=\"eltd-eh-item-inner\">\n\t\t<div class=\"eltd-eh-item-content eltd-eh-custom-8198\" >\n\t\t\t[vc_column_text]<\/p>\n<p style=\"text-align: left;\">Nuestra posada de turismo rural est\u00e1 situada en una posici\u00f3n estrat\u00e9gica, a 4 km del aeropuerto de Alghero, mientras que a 8 km, se encuentra la hermosa Bah\u00eda de Porto Conte, con Capo Caccia, un sitio hermoso donde se puede hacer trekking, escalar por la v\u00eda ferrata de Cabiro, ver l\u2019Isla Piana Island, frente a las famosas Cuevas de Neptuno. Siempre a 8 km, se encuentra la incontaminada Bah\u00eda de Porto Ferro, con sus amplias playas y bosques de pinos; all\u00ed se puede disfrutar skysurf, windsurf y equitaci\u00f2n. A 14 km de nosotros, puede aprovechar de la pintoresca ciudad de Alghero, famosa por su coral rojo y porque es el \u00fanico lugar Catal\u00e1n en Cerde\u00f1a, rico en cultura y en historia peculiares. Tambi\u00e9n se puede encontrar los asentamientos nur\u00e1gicos de Palmavera y de Anghelu Ruju, a s\u00f3lo 10 km de nuestro sitio de turismo rural. M\u00e1s cerca de casa, el pueblo de Santa Maria La Palma puede ofrecerle todos los servicios esenciales. Por \u00faltimo, a 40 km, se encuentra el pueblo de Stintino, con su pen\u00ednsula, justo enfrente del Parque Natural de la Isla de Asinara.<\/p>\n<p>[\/vc_column_text][vc_empty_space][vc_gallery type=\u00bbimage_grid\u00bb images=\u00bb10876,10871,10866&#8243; onclick=\u00bb\u00bb][vc_empty_space height=\u00bb50px\u00bb]\t\t<\/div>\n\t<\/div>\n<\/div><\/div>[\/vc_column][\/vc_row][vc_row row_content_width=\u00bbgrid\u00bb css=\u00bb.vc_custom_1645783061838{padding-top: 20px !important;padding-bottom: 20px !important;}\u00bb][vc_column width=\u00bb1\/3&#8243;]<div class=\"eltd-elements-holder   eltd-one-column  eltd-responsive-mode-768 \" ><div class=\"eltd-eh-item    \"  data-item-class=\"eltd-eh-custom-8040\" data-768-1024=\"0 14% 0 0\">\n\t<div class=\"eltd-eh-item-inner\">\n\t\t<div class=\"eltd-eh-item-content eltd-eh-custom-8040\" style=\"padding: 0 0 0 0\">\n\t\t\t[vc_single_image image=\u00bb5441&#8243; img_size=\u00bblarge\u00bb onclick=\u00bbcustom_link\u00bb link=\u00bbhttp:\/\/www.traghettilines.it\/it\/traghetti-sardegna.aspx?AID=30642&amp;iframe_booking=true\u00bb][vc_empty_space height=\u00bb15px\u00bb][vc_column_text]Con Traghettilines puoi prenotare e acquistare i biglietti dei\u00a0<strong>traghetti per la Sardegna<\/strong>\u00a0che coprono le linee marittime verso tale regione[\/vc_column_text]\t\t<\/div>\n\t<\/div>\n<\/div><\/div>[vc_empty_space height=\u00bb40px\u00bb][\/vc_column][vc_column width=\u00bb2\/3&#8243;]<div class=\"eltd-elements-holder   eltd-one-column  eltd-responsive-mode-768 \" ><div class=\"eltd-eh-item    \"  data-item-class=\"eltd-eh-custom-3873\" data-1024-1280=\"20px 30px 0 0px\">\n\t<div class=\"eltd-eh-item-inner\">\n\t\t<div class=\"eltd-eh-item-content eltd-eh-custom-3873\" >\n\t\t\t[vc_raw_html]JTNDZGl2JTIwc3R5bGUlM0QlMjJtYXJnaW4tbGVmdCUzQSUyMGF1dG8lM0IlMjBtYXJnaW4tcmlnaHQlM0ElMjBhdXRvJTNCJTIwd2lkdGglM0ElMjA3NDBweCUzQiUyMG1heC13aWR0aCUzQSUyMDc0MHB4JTNCJTIyJTNFJTNDaWZyYW1lJTIwaWQlM0QlMjJ0bGluZXMlMjIlMjBjbGFzcyUzRCUyMnRsaW5lc19mcmFtZSUyMiUyMHN0eWxlJTNEJTIyYm9yZGVyJTNBJTIwMHB4JTNCJTIwd2lkdGglM0ElMjAxMDAlMjUlM0IlMjIlMjBzcmMlM0QlMjJodHRwcyUzQSUyRiUyRnd3dy50cmFnaGV0dGktc2VydmljZS5pdCUyRmZyaW5kZXgucGhwJTNGZG9taW5pbyUzRHRyYWdoZXR0aS1zYXJkZWduYS5pdCUyNmFtcCUzQmRlc3RpbmF6aW9uZSUzRDElMjZhbXAlM0JVQUlEJTNEMzA2NDIlMjZhbXAlM0JBSUQlM0QzMDY0MiUyNmFtcCUzQlVJRCUzRDAlMjZhbXAlM0JpZnJhbWUlM0R0cnVlJTI2YW1wJTNCY29kaWNlJTNEdHJ1ZSUyNmxhbmd1YWdlJTNEZXMlMjIlMjBzY3JvbGxpbmclM0QlMjJubyUyMiUzRSUzQyUyRmlmcmFtZSUzRSUwQSUzQ3NjcmlwdCUyMHR5cGUlM0QlMjJ0ZXh0JTJGamF2YXNjcmlwdCUyMiUyMHNyYyUzRCUyMiUyRiUyRnd3dy50cmFnaGV0dGlsaW5lcy5pdCUyRkFqYXglMkZ0bGluZXNfcmVzcF92Mi5qcyUyMiUzRSUzQyUyRnNjcmlwdCUzRSUzQyUyRmRpdiUzRQ==[\/vc_raw_html]\t\t<\/div>\n\t<\/div>\n<\/div><\/div>[vc_empty_space height=\u00bb40px\u00bb][\/vc_column][\/vc_row][vc_row row_content_width=\u00bbgrid\u00bb css=\u00bb.vc_custom_1645783040410{padding-top: 20px !important;padding-bottom: 20px !important;}\u00bb][vc_column width=\u00bb1\/3&#8243;]<div class=\"eltd-elements-holder   eltd-one-column  eltd-responsive-mode-768 \" ><div class=\"eltd-eh-item    \"  data-item-class=\"eltd-eh-custom-7081\" data-768-1024=\"0 5px 0 0\">\n\t<div class=\"eltd-eh-item-inner\">\n\t\t<div class=\"eltd-eh-item-content eltd-eh-custom-7081\" >\n\t\t\t[vc_single_image image=\u00bb5534&#8243; img_size=\u00bblarge\u00bb css=\u00bb.vc_custom_1646147400060{padding-right: 0px !important;}\u00bb]\t\t<\/div>\n\t<\/div>\n<\/div><\/div>[vc_empty_space height=\u00bb40px\u00bb][\/vc_column][vc_column width=\u00bb2\/3&#8243;]<div class=\"eltd-elements-holder   eltd-one-column  eltd-responsive-mode-768 \" ><div class=\"eltd-eh-item    \"  data-item-class=\"eltd-eh-custom-3277\" data-1024-1280=\"20px 30px 0 0px\">\n\t<div class=\"eltd-eh-item-inner\">\n\t\t<div class=\"eltd-eh-item-content eltd-eh-custom-3277\" >\n\t\t\t[vc_column_text]<span style=\"color: #80b500;\"><a style=\"color: #80b500;\" href=\"http:\/\/www.ferratacabirol.it\/\" target=\"_blank\" rel=\"noopener\">Via Ferrata del Cabirol<\/a><\/span>[\/vc_column_text][vc_column_text]Il percorso della via ferrata si sviluppa interamente in traverso lungo una serie di enormi cenge naturali che talvolta si restringono fin quasi a scomparire. La ferrata \u00e8 percorribile indifferentemente partendo dalla cengia bassa come da quella alta.[\/vc_column_text]\t\t<\/div>\n\t<\/div>\n<\/div><\/div>[\/vc_column][\/vc_row][vc_row row_content_width=\u00bbgrid\u00bb css=\u00bb.vc_custom_1645783040410{padding-top: 20px !important;padding-bottom: 20px !important;}\u00bb][vc_column width=\u00bb1\/3&#8243;]<div class=\"eltd-elements-holder   eltd-one-column  eltd-responsive-mode-768 \" ><div class=\"eltd-eh-item    \"  data-item-class=\"eltd-eh-custom-4251\" data-768-1024=\"0 5px 0 0\">\n\t<div class=\"eltd-eh-item-inner\">\n\t\t<div class=\"eltd-eh-item-content eltd-eh-custom-4251\" >\n\t\t\t[vc_single_image image=\u00bb5446&#8243; img_size=\u00bblarge\u00bb css=\u00bb.vc_custom_1646147415018{padding-right: 0px !important;}\u00bb]\t\t<\/div>\n\t<\/div>\n<\/div><\/div>[vc_empty_space height=\u00bb40px\u00bb][\/vc_column][vc_column width=\u00bb2\/3&#8243;]<div class=\"eltd-elements-holder   eltd-one-column  eltd-responsive-mode-768 \" ><div class=\"eltd-eh-item    \"  data-item-class=\"eltd-eh-custom-6243\" data-1024-1280=\"20px 30px 0 0px\">\n\t<div class=\"eltd-eh-item-inner\">\n\t\t<div class=\"eltd-eh-item-content eltd-eh-custom-6243\" >\n\t\t\t[vc_column_text]<span style=\"color: #80b500;\"><a style=\"color: #80b500;\" href=\"http:\/\/diving.capogalera.com\/default.aspx?ver=it\/\" target=\"_blank\" rel=\"noopener\">Diving Capo Galera<\/a><\/span>[\/vc_column_text][vc_column_text]Il Diving si trova a Capo Galera, su un promontorio al centro del golfo di Alghero, in mezzo alla macchia mediterranea, in una villa bianca sulla scogliera, meglio nota come \u201cLa villa dell\u2019Olandese\u201d.[\/vc_column_text]\t\t<\/div>\n\t<\/div>\n<\/div><\/div>[\/vc_column][\/vc_row][vc_row][vc_column][vc_empty_space height=\u00bb100px\u00bb][\/vc_column][\/vc_row][vc_row full_width=\u00bbstretch_row\u00bb content_placement=\u00bbmiddle\u00bb simple_background_color=\u00bb#ffffff\u00bb][vc_column width=\u00bb1\/4&#8243;][vc_empty_space][vc_row_inner content_placement=\u00bbmiddle\u00bb][vc_column_inner width=\u00bb1\/2&#8243;][vc_single_image image=\u00bb5442&#8243; alignment=\u00bbcenter\u00bb onclick=\u00bbcustom_link\u00bb img_link_target=\u00bb_blank\u00bb link=\u00bbhttps:\/\/www.trivago.it\/it\/srl\/bed-breakfast-le-tre-grazie-alghero?search=100-1117775;dr-20220228-20220301&#8243;][\/vc_column_inner][vc_column_inner width=\u00bb1\/2&#8243;][vc_single_image image=\u00bb5452&#8243; alignment=\u00bbcenter\u00bb onclick=\u00bbcustom_link\u00bb img_link_target=\u00bb_blank\u00bb link=\u00bbhttps:\/\/www.tripadvisor.it\/Hotel_Review-g2301687-d1606646-Reviews-Agriturismo_Le_Tre_Grazie-Santa_Maria_La_Palma_Alghero_Province_of_Sassari_Sardinia.html\u00bb][\/vc_column_inner][\/vc_row_inner][vc_empty_space][\/vc_column][vc_column width=\u00bb1\/4&#8243;][vc_empty_space][vc_row_inner content_placement=\u00bbmiddle\u00bb][vc_column_inner width=\u00bb1\/2&#8243;][vc_single_image image=\u00bb5436&#8243; alignment=\u00bbcenter\u00bb onclick=\u00bbcustom_link\u00bb img_link_target=\u00bb_blank\u00bb link=\u00bbhttp:\/\/www.asinaraviva.it\u00bb][\/vc_column_inner][vc_column_inner width=\u00bb1\/2&#8243;][vc_single_image image=\u00bb5435&#8243; alignment=\u00bbcenter\u00bb onclick=\u00bbcustom_link\u00bb img_link_target=\u00bb_blank\u00bb link=\u00bbhttp:\/\/www.asinara4x4.com\u00bb][\/vc_column_inner][\/vc_row_inner][vc_empty_space][\/vc_column][vc_column width=\u00bb1\/4&#8243;][vc_empty_space][vc_row_inner content_placement=\u00bbmiddle\u00bb][vc_column_inner width=\u00bb1\/2&#8243;][vc_single_image image=\u00bb5439&#8243; alignment=\u00bbcenter\u00bb onclick=\u00bbcustom_link\u00bb img_link_target=\u00bb_blank\u00bb link=\u00bbhttp:\/\/www.dogsitter.it\u00bb][\/vc_column_inner][vc_column_inner width=\u00bb1\/2&#8243;][vc_single_image image=\u00bb5445&#8243; alignment=\u00bbcenter\u00bb onclick=\u00bbcustom_link\u00bb img_link_target=\u00bb_blank\u00bb link=\u00bbhttp:\/\/www.topbnb.it\u00bb][\/vc_column_inner][\/vc_row_inner][vc_empty_space][\/vc_column][vc_column width=\u00bb1\/4&#8243;][vc_empty_space][vc_row_inner content_placement=\u00bbmiddle\u00bb][vc_column_inner width=\u00bb1\/2&#8243;][vc_single_image image=\u00bb5443&#8243; alignment=\u00bbcenter\u00bb onclick=\u00bbcustom_link\u00bb img_link_target=\u00bb_blank\u00bb link=\u00bbhttp:\/\/www.lovelyitalia.it\u00bb][\/vc_column_inner][vc_column_inner width=\u00bb1\/2&#8243;][vc_single_image image=\u00bb5434&#8243; alignment=\u00bbcenter\u00bb onclick=\u00bbcustom_link\u00bb img_link_target=\u00bb_blank\u00bb link=\u00bbhttps:\/\/www.agriturismo.it\/it\/agriturismi\/sardegna\/sassari\/LeTreGrazie-3140964\/index.html\u00bb][\/vc_column_inner][\/vc_row_inner][vc_empty_space][\/vc_column][\/vc_row]<\/p>\n","protected":false},"excerpt":{"rendered":"<p>[vc_row content_placement=\u00bbmiddle\u00bb row_content_width=\u00bbgrid\u00bb css=\u00bb.vc_custom_1645782526299{padding-top: 50px !important;}\u00bb][vc_column][\/vc_column][\/vc_row][vc_row row_content_width=\u00bbgrid\u00bb css=\u00bb.vc_custom_1645783061838{padding-top: 20px !important;padding-bottom: 20px !important;}\u00bb][vc_column width=\u00bb1\/3&#8243;][vc_empty_space height=\u00bb40px\u00bb][\/vc_column][vc_column width=\u00bb2\/3&#8243;][vc_empty_space height=\u00bb40px\u00bb][\/vc_column][\/vc_row][vc_row row_content_width=\u00bbgrid\u00bb css=\u00bb.vc_custom_1645783040410{padding-top: 20px [&hellip;]<\/p>\n","protected":false},"author":1,"featured_media":0,"parent":0,"menu_order":0,"comment_status":"closed","ping_status":"closed","template":"full-width.php","meta":{"footnotes":""},"class_list":["post-10621","page","type-page","status-publish","hentry"],"yoast_head":"<!-- This site is optimized with the Yoast SEO plugin v24.0 - https:\/\/yoast.com\/wordpress\/plugins\/seo\/ -->\n<title>Ubicaci\u00f3n - Le Tre Grazie<\/title>\n<meta name=\"robots\" content=\"index, follow, max-snippet:-1, max-image-preview:large, max-video-preview:-1\" \/>\n<link rel=\"canonical\" href=\"https:\/\/www.letregrazie.it\/es\/ubicacion\/\" \/>\n<meta property=\"og:locale\" content=\"es_ES\" \/>\n<meta property=\"og:type\" content=\"article\" \/>\n<meta property=\"og:title\" content=\"Ubicaci\u00f3n - Le Tre Grazie\" \/>\n<meta property=\"og:description\" content=\"[vc_row content_placement=\u00bbmiddle\u00bb row_content_width=\u00bbgrid\u00bb css=\u00bb.vc_custom_1645782526299{padding-top: 50px !important;}\u00bb][vc_column][\/vc_column][\/vc_row][vc_row row_content_width=\u00bbgrid\u00bb css=\u00bb.vc_custom_1645783061838{padding-top: 20px !important;padding-bottom: 20px !important;}\u00bb][vc_column width=\u00bb1\/3&#8243;][vc_empty_space height=\u00bb40px\u00bb][\/vc_column][vc_column width=\u00bb2\/3&#8243;][vc_empty_space height=\u00bb40px\u00bb][\/vc_column][\/vc_row][vc_row row_content_width=\u00bbgrid\u00bb css=\u00bb.vc_custom_1645783040410{padding-top: 20px [&hellip;]\" \/>\n<meta property=\"og:url\" content=\"https:\/\/www.letregrazie.it\/es\/ubicacion\/\" \/>\n<meta property=\"og:site_name\" content=\"Le Tre Grazie\" \/>\n<meta property=\"article:modified_time\" content=\"2022-03-21T17:57:26+00:00\" \/>\n<meta name=\"twitter:card\" content=\"summary_large_image\" \/>\n<meta name=\"twitter:label1\" content=\"Tiempo de lectura\" \/>\n\t<meta name=\"twitter:data1\" content=\"3 minutos\" \/>\n<script type=\"application\/ld+json\" class=\"yoast-schema-graph\">{\"@context\":\"https:\/\/schema.org\",\"@graph\":[{\"@type\":\"WebPage\",\"@id\":\"https:\/\/www.letregrazie.it\/es\/ubicacion\/\",\"url\":\"https:\/\/www.letregrazie.it\/es\/ubicacion\/\",\"name\":\"Ubicaci\u00f3n - Le Tre Grazie\",\"isPartOf\":{\"@id\":\"https:\/\/www.letregrazie.it\/#website\"},\"datePublished\":\"2022-02-25T09:38:13+00:00\",\"dateModified\":\"2022-03-21T17:57:26+00:00\",\"breadcrumb\":{\"@id\":\"https:\/\/www.letregrazie.it\/es\/ubicacion\/#breadcrumb\"},\"inLanguage\":\"es\",\"potentialAction\":[{\"@type\":\"ReadAction\",\"target\":[\"https:\/\/www.letregrazie.it\/es\/ubicacion\/\"]}]},{\"@type\":\"BreadcrumbList\",\"@id\":\"https:\/\/www.letregrazie.it\/es\/ubicacion\/#breadcrumb\",\"itemListElement\":[{\"@type\":\"ListItem\",\"position\":1,\"name\":\"Home\",\"item\":\"https:\/\/www.letregrazie.it\/es\/\"},{\"@type\":\"ListItem\",\"position\":2,\"name\":\"Ubicaci\u00f3n\"}]},{\"@type\":\"WebSite\",\"@id\":\"https:\/\/www.letregrazie.it\/#website\",\"url\":\"https:\/\/www.letregrazie.it\/\",\"name\":\"Le Tre Grazie\",\"description\":\"\",\"potentialAction\":[{\"@type\":\"SearchAction\",\"target\":{\"@type\":\"EntryPoint\",\"urlTemplate\":\"https:\/\/www.letregrazie.it\/?s={search_term_string}\"},\"query-input\":{\"@type\":\"PropertyValueSpecification\",\"valueRequired\":true,\"valueName\":\"search_term_string\"}}],\"inLanguage\":\"es\"}]}<\/script>\n<!-- \/ Yoast SEO plugin. -->","yoast_head_json":{"title":"Ubicaci\u00f3n - Le Tre Grazie","robots":{"index":"index","follow":"follow","max-snippet":"max-snippet:-1","max-image-preview":"max-image-preview:large","max-video-preview":"max-video-preview:-1"},"canonical":"https:\/\/www.letregrazie.it\/es\/ubicacion\/","og_locale":"es_ES","og_type":"article","og_title":"Ubicaci\u00f3n - Le Tre Grazie","og_description":"[vc_row content_placement=\u00bbmiddle\u00bb row_content_width=\u00bbgrid\u00bb css=\u00bb.vc_custom_1645782526299{padding-top: 50px !important;}\u00bb][vc_column][\/vc_column][\/vc_row][vc_row row_content_width=\u00bbgrid\u00bb css=\u00bb.vc_custom_1645783061838{padding-top: 20px !important;padding-bottom: 20px !important;}\u00bb][vc_column width=\u00bb1\/3&#8243;][vc_empty_space height=\u00bb40px\u00bb][\/vc_column][vc_column width=\u00bb2\/3&#8243;][vc_empty_space height=\u00bb40px\u00bb][\/vc_column][\/vc_row][vc_row row_content_width=\u00bbgrid\u00bb css=\u00bb.vc_custom_1645783040410{padding-top: 20px [&hellip;]","og_url":"https:\/\/www.letregrazie.it\/es\/ubicacion\/","og_site_name":"Le Tre Grazie","article_modified_time":"2022-03-21T17:57:26+00:00","twitter_card":"summary_large_image","twitter_misc":{"Tiempo de lectura":"3 minutos"},"schema":{"@context":"https:\/\/schema.org","@graph":[{"@type":"WebPage","@id":"https:\/\/www.letregrazie.it\/es\/ubicacion\/","url":"https:\/\/www.letregrazie.it\/es\/ubicacion\/","name":"Ubicaci\u00f3n - Le Tre Grazie","isPartOf":{"@id":"https:\/\/www.letregrazie.it\/#website"},"datePublished":"2022-02-25T09:38:13+00:00","dateModified":"2022-03-21T17:57:26+00:00","breadcrumb":{"@id":"https:\/\/www.letregrazie.it\/es\/ubicacion\/#breadcrumb"},"inLanguage":"es","potentialAction":[{"@type":"ReadAction","target":["https:\/\/www.letregrazie.it\/es\/ubicacion\/"]}]},{"@type":"BreadcrumbList","@id":"https:\/\/www.letregrazie.it\/es\/ubicacion\/#breadcrumb","itemListElement":[{"@type":"ListItem","position":1,"name":"Home","item":"https:\/\/www.letregrazie.it\/es\/"},{"@type":"ListItem","position":2,"name":"Ubicaci\u00f3n"}]},{"@type":"WebSite","@id":"https:\/\/www.letregrazie.it\/#website","url":"https:\/\/www.letregrazie.it\/","name":"Le Tre Grazie","description":"","potentialAction":[{"@type":"SearchAction","target":{"@type":"EntryPoint","urlTemplate":"https:\/\/www.letregrazie.it\/?s={search_term_string}"},"query-input":{"@type":"PropertyValueSpecification","valueRequired":true,"valueName":"search_term_string"}}],"inLanguage":"es"}]}},"_links":{"self":[{"href":"https:\/\/www.letregrazie.it\/es\/wp-json\/wp\/v2\/pages\/10621","targetHints":{"allow":["GET"]}}],"collection":[{"href":"https:\/\/www.letregrazie.it\/es\/wp-json\/wp\/v2\/pages"}],"about":[{"href":"https:\/\/www.letregrazie.it\/es\/wp-json\/wp\/v2\/types\/page"}],"author":[{"embeddable":true,"href":"https:\/\/www.letregrazie.it\/es\/wp-json\/wp\/v2\/users\/1"}],"replies":[{"embeddable":true,"href":"https:\/\/www.letregrazie.it\/es\/wp-json\/wp\/v2\/comments?post=10621"}],"version-history":[{"count":4,"href":"https:\/\/www.letregrazie.it\/es\/wp-json\/wp\/v2\/pages\/10621\/revisions"}],"predecessor-version":[{"id":10883,"href":"https:\/\/www.letregrazie.it\/es\/wp-json\/wp\/v2\/pages\/10621\/revisions\/10883"}],"wp:attachment":[{"href":"https:\/\/www.letregrazie.it\/es\/wp-json\/wp\/v2\/media?parent=10621"}],"curies":[{"name":"wp","href":"https:\/\/api.w.org\/{rel}","templated":true}]}}